{"id":3137,"date":"2020-03-21T19:21:06","date_gmt":"2020-03-21T22:21:06","guid":{"rendered":"https:\/\/www.motocultura.com.br\/home\/?page_id=3137"},"modified":"2020-04-14T20:34:23","modified_gmt":"2020-04-14T23:34:23","slug":"concurso-arte-pra-cabeca","status":"publish","type":"page","link":"https:\/\/www.motocultura.com.br\/home\/concurso-arte-pra-cabeca\/","title":{"rendered":"Concurso Arte Pra Cabe\u00e7a"},"content":{"rendered":"\n<figure class=\"wp-block-image size-large\"><img decoding=\"async\" loading=\"lazy\" width=\"800\" height=\"800\" src=\"https:\/\/www.motocultura.com.br\/home\/wp-content\/uploads\/2020\/03\/arte-pra-cabeca.jpg\" alt=\"\" class=\"wp-image-3165\" srcset=\"https:\/\/www.motocultura.com.br\/home\/wp-content\/uploads\/2020\/03\/arte-pra-cabeca.jpg 800w, https:\/\/www.motocultura.com.br\/home\/wp-content\/uploads\/2020\/03\/arte-pra-cabeca-300x300.jpg 300w, https:\/\/www.motocultura.com.br\/home\/wp-content\/uploads\/2020\/03\/arte-pra-cabeca-150x150.jpg 150w, https:\/\/www.motocultura.com.br\/home\/wp-content\/uploads\/2020\/03\/arte-pra-cabeca-768x768.jpg 768w, https:\/\/www.motocultura.com.br\/home\/wp-content\/uploads\/2020\/03\/arte-pra-cabeca-365x365.jpg 365w, https:\/\/www.motocultura.com.br\/home\/wp-content\/uploads\/2020\/03\/arte-pra-cabeca-500x500.jpg 500w\" sizes=\"(max-width: 800px) 100vw, 800px\" \/><\/figure>\n\n\n\n<p>Voc\u00ea que \u00e9 customizador, ilustrador, pintor ou mesmo entusiasta, que tal manter a mente e as m\u00e3os trabalhando e divulgar seu trabalho para o seu p\u00fablico? Ent\u00e3o a hora \u00e9 agora.<\/p>\n\n\n\n<p><strong>Motocultura<\/strong> quer promover uma disputa saud\u00e1vel para justamente mostrar seu trabalho e fortalecer os profissionais que fazem disso seu meio de vida.<\/p>\n\n\n\n<h4 class=\"wp-block-heading\">Objetivo<\/h4>\n\n\n\n<p>O objetivo principal  \u00e9 apresentar os artistas e seu trabalho ao p\u00fablico e potenciais clientes.  <\/p>\n\n\n\n<h4 class=\"wp-block-heading\">Como participar<\/h4>\n\n\n\n<p>1 &#8211; Fa\u00e7a o download dos arquivos nos quais voc\u00ea vai trabalhar.<br>Os arquivos tem 5 vistas do capacete, fique a vontade para utilizar quantas quiser. Utilizar todas n\u00e3o \u00e9 obrigat\u00f3rio.<br>Escolha o formato mais adequado pra voc\u00ea:<br><a href=\"https:\/\/www.motocultura.com.br\/home\/wp-content\/uploads\/2020\/03\/arte-pra-cabeca-jpg.zip\">Arquivos JPG<\/a> (ideais para trabalhar em programas de edi\u00e7\u00e3o de imagem)<br><a href=\"https:\/\/www.motocultura.com.br\/home\/wp-content\/uploads\/2020\/03\/arte-pra-cabeca-pdf.zip\">Arquivos PDF<\/a> (ideais para trabalhar em programas de ilustra\u00e7\u00e3o vetorial)<br>Obs: voc\u00ea tamb\u00e9m pode imprimi-los, trabalhar manualmente sobre eles e escanear (ou fotografar) para enviar pra gente.<\/p>\n\n\n\n<p>2 &#8211; Com seu trabalho pronto, acesse o formul\u00e1rio de inscri\u00e7\u00e3o, preencha seus dados e envie seus arquivos.<br><a rel=\"noreferrer noopener\" href=\"https:\/\/docs.google.com\/forms\/d\/e\/1FAIpQLSdCj5hi0YXfzpw1UYj8iMYdR9RUIWCtv4WKF9oTRRrH8wB85A\/viewform\" target=\"_blank\">&gt; FORMUL\u00c1RIO DE INSCRI\u00c7\u00c3O<\/a><\/p>\n\n\n\n<h4 class=\"wp-block-heading\">Regras e regulamento<\/h4>\n\n\n\n<p>1 &#8211; Somente ser\u00e3o aceitas as inscri\u00e7\u00f5es nas quais as artes tenham sido desenvolvidas no arquivo disponibilizado, como uma forma de ter um mesmo ponto de partida para todos os participantes. Podem ser utilizadas desde pinturas com canetas, tintas, pinc\u00e9is, aerogr\u00e1fos, ou programas de pintura e desenhos digitais de tablets e computadores, desde que executados dentro do template disponibilizado.<\/p>\n\n\n\n<p>Observa\u00e7\u00e3o: N\u00e3o ser\u00e3o aceitos trabalhos que envolvam colagens fotogr\u00e1ficas ou manipula\u00e7\u00e3o de fotos, bem como manifesta\u00e7\u00f5es ofensivas ou pol\u00edticas.<\/p>\n\n\n\n<p>2 &#8211; As inscri\u00e7\u00f5es ser\u00e3o aceitas at\u00e9 o dia 12 de abril de 2020. <\/p>\n\n\n\n<p>3 &#8211; O concurso se dar\u00e1 em formato de competi\u00e7\u00e3o eliminat\u00f3ria. Os layouts selecionados ser\u00e3o encaminhados para sorteio e chaveamento, sendo as fases montadas conforme o n\u00famero de inscritos, seguindo por oitavas de final, quartas de final, semifinal e final. <\/p>\n\n\n\n<p>4 &#8211; A arte enviada no ato da inscri\u00e7\u00e3o seguir\u00e1 para disputa em todas as fases. <\/p>\n\n\n\n<p>5 &#8211; O terceiro lugar fica com o participante da semifinal que tiver o terceiro maior n\u00famero de votos.<\/p>\n\n\n\n<p>6 &#8211; Artes desenvolvidas para concursos anteriores n\u00e3o ser\u00e3o aceitas.<\/p>\n\n\n\n<p>7 &#8211; A vota\u00e7\u00e3o ser\u00e1 popular, aberta ao p\u00fablico em geral no site de Motocultura. N\u00e3o se esque\u00e7a de espalhar para os amigos e divulgar.<\/p>\n\n\n\n<p>8 &#8211; Cada round de vota\u00e7\u00e3o dura 24hs.<\/p>\n\n\n\n<p>9- Al\u00e9m da escolha popular haver\u00e1 a escolha dos editores de Motocultura.<\/p>\n\n\n\n<h4 class=\"wp-block-heading\">Considera\u00e7\u00f5es Finais<\/h4>\n\n\n\n<p>N\u00e3o haver\u00e1 premia\u00e7\u00e3o. O \u00fanico intuito da competi\u00e7\u00e3o \u00e9 a divulga\u00e7\u00e3o dos artistas e seu trabalho.  De qualquer forma, a gente tem algumas surpresinhas : )<\/p>\n\n\n\n<p>Os participantes podem (e devem) se valer do concurso para divulgar seu trabalho, oferecer seus servi\u00e7os e captar clientes.<\/p>\n\n\n\n<h4 class=\"wp-block-heading\"> Cronograma<\/h4>\n\n\n\n<p>At\u00e9 12\/04 \u2013 Inscri\u00e7\u00e3o e envio da arte <br>15\/04 \u2013 Primeira fase de vota\u00e7\u00e3o e eliminat\u00f3ria da chave 1 (Dura\u00e7\u00e3o de 24h)<br>16\/04 &#8211; Resultado da chave 1<br>17\/04 \u2013 Primeira fase de vota\u00e7\u00e3o e eliminat\u00f3ria da chave 2 (Dura\u00e7\u00e3o de 24h)<br>18\/04 &#8211; Resultado da chave 2<br>19\/04 \u2013 Oitavas de final &#8211; Chave 1 (Dura\u00e7\u00e3o de 24h).<br>20\/04 &#8211; Resultado Oitavas de Final <br>21\/04 \u2013 Oitavas de final &#8211; Chave 2 (Dura\u00e7\u00e3o de 24h).<br>22\/04 &#8211; Resultado Oitavas de Final <br>23\/04 \u2013 Quartas de final &#8211; (Dura\u00e7\u00e3o de 24h).<br>25\/04 &#8211; Resultados Quarta de Final <br>26\/04 \u2013 Semifinal (Dura\u00e7\u00e3o de 24hs)<br>27\/04 &#8211; Resultados Semifinal<br>28\/04 \u2013 Final<br>01\/05 \u2013 An\u00fancio dos vencedores<\/p>\n\n\n\n<h4 class=\"wp-block-heading\">Editorial<\/h4>\n\n\n\n<p>O concurso \u00e9 uma iniciativa do Custom Lab e Motocultura topou apresentar e fazer acontecer a coisa toda.<\/p>\n\n\n\n<div class=\"wp-block-image\"><figure class=\"aligncenter size-large is-resized\"><img decoding=\"async\" loading=\"lazy\" src=\"https:\/\/www.motocultura.com.br\/home\/wp-content\/uploads\/2020\/03\/allan.jpg\" alt=\"\" class=\"wp-image-3169\" width=\"300\" height=\"300\" srcset=\"https:\/\/www.motocultura.com.br\/home\/wp-content\/uploads\/2020\/03\/allan.jpg 400w, https:\/\/www.motocultura.com.br\/home\/wp-content\/uploads\/2020\/03\/allan-300x300.jpg 300w, https:\/\/www.motocultura.com.br\/home\/wp-content\/uploads\/2020\/03\/allan-150x150.jpg 150w, https:\/\/www.motocultura.com.br\/home\/wp-content\/uploads\/2020\/03\/allan-365x365.jpg 365w\" sizes=\"(max-width: 300px) 100vw, 300px\" \/><\/figure><\/div>\n\n\n\n<p><strong>Allan Alves<\/strong><br><a rel=\"noreferrer noopener\" aria-label=\" (opens in a new tab)\" href=\"https:\/\/www.instagram.com\/customlabstudio\/\" target=\"_blank\">@customlabstudio<\/a><br>Allan \u00e9 consultor de empresas com experi\u00eancia nas \u00e1reas de Recursos Humanos e Gerenciamento de Projetos. Iniciou no mundo das cores empreendendo no segmento de pinturas industriais, at\u00e9 chegar ao desenvolvimento de pinturas t\u00e9cnicas e projetos de customiza\u00e7\u00e3o.<br>\u00c9 respons\u00e1vel pelo est\u00fadio <a rel=\"noreferrer noopener\" aria-label=\"Custom Lab (opens in a new tab)\" href=\"https:\/\/www.customlab.com.br\/\" target=\"_blank\">Custom Lab<\/a>, um espa\u00e7o colaborativo que proporciona um novo formato de trabalho entre artistas e profissionais independentes, al\u00e9m de atendimento em projetos de customiza\u00e7\u00e3o para grandes marcas, realiza\u00e7\u00e3o de cursos e workshops de diversos temas do setor. Tamb\u00e9m \u00e9 idealizador do programa social Jovem Customizador, que visa formar jovens profissionais para o setor.  <\/p>\n","protected":false},"excerpt":{"rendered":"<p>Voc\u00ea que \u00e9 customizador, ilustrador, pintor ou mesmo entusiasta, que tal manter a mente e as m\u00e3os trabalhando e divulgar seu trabalho para o seu p\u00fablico? Ent\u00e3o a hora \u00e9 agora. Motocultura quer promover uma disputa saud\u00e1vel para justamente mostrar seu trabalho e fortalecer os profissionais que fazem disso seu meio de vida. Objetivo O [&hellip;]<\/p>\n","protected":false},"author":1,"featured_media":0,"parent":0,"menu_order":0,"comment_status":"closed","ping_status":"closed","template":"","meta":[],"jetpack-related-posts":[{"id":3640,"url":"https:\/\/www.motocultura.com.br\/home\/concurso-de-customizacao-nacional-2020\/","url_meta":{"origin":3137,"position":0},"title":"Concurso nacional de customiza\u00e7\u00e3o Motocultura\u2026","author":"Motocultura","date":"22 de julho de 2020","format":false,"excerpt":"Concurso nacional de customiza\u00e7\u00e3o Motocultura Motocultura tem como um de seus pilares, desde o in\u00edcio, promover e divulgar o trabalho de profissionais da customiza\u00e7\u00e3o no pa\u00eds. Mas, al\u00e9m disso, a ideia \u00e9 dar espa\u00e7o e visibilidade principalmente para as novas gera\u00e7\u00f5es e novos talentos do meio. Uma das iniciativas neste\u2026","rel":"","context":"Post similar","block_context":{"text":"Post similar","link":""},"img":{"alt_text":"","src":"https:\/\/i0.wp.com\/www.motocultura.com.br\/home\/wp-content\/uploads\/2020\/07\/topo-pagina-concurso-1.jpg?resize=350%2C200&ssl=1","width":350,"height":200,"srcset":"https:\/\/i0.wp.com\/www.motocultura.com.br\/home\/wp-content\/uploads\/2020\/07\/topo-pagina-concurso-1.jpg?resize=350%2C200&ssl=1 1x, https:\/\/i0.wp.com\/www.motocultura.com.br\/home\/wp-content\/uploads\/2020\/07\/topo-pagina-concurso-1.jpg?resize=700%2C400&ssl=1 2x"},"classes":[]},{"id":3798,"url":"https:\/\/www.motocultura.com.br\/home\/envie-seu-projeto\/","url_meta":{"origin":3137,"position":1},"title":"ENVIE SEU PROJETO","author":"Motocultura","date":"14 de agosto de 2020","format":false,"excerpt":"Ducati Monster pela SR Corse Motocultura estabeleceu-se ao longo do tempo como uma refer\u00eancia no cen\u00e1rio de customiza\u00e7\u00e3o brasileiro. Nosso Instagram \u00e9 uma fonte de inspira\u00e7\u00e3o para construtores de v\u00e1rios pa\u00edses assim como \u00e9 uma vitrine que divulga projetos para o mundo todo, inclusive para contas e canais estrangeiros especializados\u2026","rel":"","context":"Post similar","block_context":{"text":"Post similar","link":""},"img":{"alt_text":"","src":"https:\/\/i0.wp.com\/www.motocultura.com.br\/home\/wp-content\/uploads\/2020\/08\/envie.jpg?resize=350%2C200&ssl=1","width":350,"height":200,"srcset":"https:\/\/i0.wp.com\/www.motocultura.com.br\/home\/wp-content\/uploads\/2020\/08\/envie.jpg?resize=350%2C200&ssl=1 1x, https:\/\/i0.wp.com\/www.motocultura.com.br\/home\/wp-content\/uploads\/2020\/08\/envie.jpg?resize=700%2C400&ssl=1 2x"},"classes":[]},{"id":1362,"url":"https:\/\/www.motocultura.com.br\/home\/concurso-ducati-grafismo\/","url_meta":{"origin":3137,"position":2},"title":"DUCATI SCRAMBLER DOS SONHOS","author":"Motocultura","date":"9 de julho de 2017","format":false,"excerpt":"J\u00e1 pensou em desenhar um grafismo exclusivo para uma Ducati Scrambler? Pois agora voc\u00ea pode e seu desenho pode ir parar em uma Ducati Scrambler novinha! Motocultura e Ducati Campinas convidam voc\u00ea a criar um grafismo super legal para a Scrambler e enviar pra gente! Os melhores desenhos, julgados por\u2026","rel":"","context":"Post similar","block_context":{"text":"Post similar","link":""},"img":{"alt_text":"","src":"https:\/\/i0.wp.com\/www.motocultura.com.br\/home\/wp-content\/uploads\/2017\/07\/pagina.png?resize=350%2C200&ssl=1","width":350,"height":200,"srcset":"https:\/\/i0.wp.com\/www.motocultura.com.br\/home\/wp-content\/uploads\/2017\/07\/pagina.png?resize=350%2C200&ssl=1 1x, https:\/\/i0.wp.com\/www.motocultura.com.br\/home\/wp-content\/uploads\/2017\/07\/pagina.png?resize=700%2C400&ssl=1 2x"},"classes":[]},{"id":2621,"url":"https:\/\/www.motocultura.com.br\/home\/concurso-de-grafismo-ducati-scrambler-e-xdiavel-dos-sonhos\/","url_meta":{"origin":3137,"position":3},"title":"Concurso de Grafismo Ducati: Scrambler e XDiavel dos Sonhos","author":"Motocultura","date":"4 de agosto de 2019","format":false,"excerpt":"J\u00e1 pensou em criar um grafismo exclusivo para uma moto Ducati? Pois a sua cria\u00e7\u00e3o pode ir parar em uma moto Ducati novinha exclusiva assinada por voc\u00ea! Motocultura, Ducati Campinas e Ducati Mooca convidam voc\u00ea a criar um grafismo super legal para a Ducati Scrambler e para a Ducati XDiavel\u2026","rel":"","context":"Post similar","block_context":{"text":"Post similar","link":""},"img":{"alt_text":"","src":"https:\/\/i0.wp.com\/www.motocultura.com.br\/home\/wp-content\/uploads\/2019\/08\/desenho-scrambler.jpg?resize=350%2C200&ssl=1","width":350,"height":200,"srcset":"https:\/\/i0.wp.com\/www.motocultura.com.br\/home\/wp-content\/uploads\/2019\/08\/desenho-scrambler.jpg?resize=350%2C200&ssl=1 1x, https:\/\/i0.wp.com\/www.motocultura.com.br\/home\/wp-content\/uploads\/2019\/08\/desenho-scrambler.jpg?resize=700%2C400&ssl=1 2x"},"classes":[]},{"id":4017,"url":"https:\/\/www.motocultura.com.br\/home\/concurso-de-customizacao-de-motocicletas-motocultura\/","url_meta":{"origin":3137,"position":4},"title":"Concurso de Customiza\u00e7\u00e3o de Motocicletas Motocultura","author":"Motocultura","date":"26 de julho de 2021","format":false,"excerpt":"Est\u00e1 na hora da s\u00e9tima edi\u00e7\u00e3o do concurso de motocicletas customizadas Motocultura! As inscri\u00e7\u00f5es para a edi\u00e7\u00e3o 2023 est\u00e3o abertas! Neste ano, o concurso acontecer\u00e1 de forma totalmente virtual com a presen\u00e7a de convidados especiais e transmitido ao vivo pelo canal do Youtube de Motocultura. Desde 2021 j\u00e1 recebemos inscri\u00e7\u00f5es\u2026","rel":"","context":"Post similar","block_context":{"text":"Post similar","link":""},"img":{"alt_text":"","src":"https:\/\/i0.wp.com\/www.motocultura.com.br\/home\/wp-content\/uploads\/2023\/07\/abre-concurso-motocultura-2023.jpg?resize=350%2C200&ssl=1","width":350,"height":200,"srcset":"https:\/\/i0.wp.com\/www.motocultura.com.br\/home\/wp-content\/uploads\/2023\/07\/abre-concurso-motocultura-2023.jpg?resize=350%2C200&ssl=1 1x, https:\/\/i0.wp.com\/www.motocultura.com.br\/home\/wp-content\/uploads\/2023\/07\/abre-concurso-motocultura-2023.jpg?resize=700%2C400&ssl=1 2x, https:\/\/i0.wp.com\/www.motocultura.com.br\/home\/wp-content\/uploads\/2023\/07\/abre-concurso-motocultura-2023.jpg?resize=1050%2C600&ssl=1 3x"},"classes":[]},{"id":3054,"url":"https:\/\/www.motocultura.com.br\/home\/videos\/","url_meta":{"origin":3137,"position":5},"title":"V\u00cdDEOS","author":"Motocultura","date":"11 de mar\u00e7o de 2020","format":false,"excerpt":"Capacete Motocultura por Pamela Papeel Customiza\u00e7\u00e3o j\u00e1 h\u00e1 muito tempo \u00e9 algo que n\u00e3o fica s\u00f3 nas motocicletas. E uma das coisas mais procuradas pelos entusiastas das duas rodas \u00e9 justamente os capacetes personalizados. Depois da moto, o capacete \u00e9 o objeto que mais carrega a personalidade do dono. E\u2026","rel":"","context":"Post similar","block_context":{"text":"Post similar","link":""},"img":{"alt_text":"","src":"https:\/\/i0.wp.com\/img.youtube.com\/vi\/MwlIpQWa1z4\/0.jpg?resize=350%2C200","width":350,"height":200},"classes":[]}],"jetpack_sharing_enabled":true,"_links":{"self":[{"href":"https:\/\/www.motocultura.com.br\/home\/wp-json\/wp\/v2\/pages\/3137"}],"collection":[{"href":"https:\/\/www.motocultura.com.br\/home\/wp-json\/wp\/v2\/pages"}],"about":[{"href":"https:\/\/www.motocultura.com.br\/home\/wp-json\/wp\/v2\/types\/page"}],"author":[{"embeddable":true,"href":"https:\/\/www.motocultura.com.br\/home\/wp-json\/wp\/v2\/users\/1"}],"replies":[{"embeddable":true,"href":"https:\/\/www.motocultura.com.br\/home\/wp-json\/wp\/v2\/comments?post=3137"}],"version-history":[{"count":0,"href":"https:\/\/www.motocultura.com.br\/home\/wp-json\/wp\/v2\/pages\/3137\/revisions"}],"wp:attachment":[{"href":"https:\/\/www.motocultura.com.br\/home\/wp-json\/wp\/v2\/media?parent=3137"}],"curies":[{"name":"wp","href":"https:\/\/api.w.org\/{rel}","templated":true}]}}